{"id":273,"date":"2017-11-22T09:20:13","date_gmt":"2017-11-22T08:20:13","guid":{"rendered":"http:\/\/regeszet.bibl.u-szeged.hu\/?page_id=273"},"modified":"2023-01-23T11:54:18","modified_gmt":"2023-01-23T10:54:18","slug":"monografiak","status":"publish","type":"page","link":"https:\/\/regeszet.bibl.u-szeged.hu\/index.php\/kiadvanyaink\/monografiak\/","title":{"rendered":"Monogr\u00e1fi\u00e1k"},"content":{"rendered":"<p><strong>Monogr\u00e1fi\u00e1k a Szegedi Tudom\u00e1nyegyetem R\u00e9g\u00e9szeti Tansz\u00e9k\u00e9r\u0151l<\/strong><\/p>\n<p>A P\u00f3sta B\u00e9la \u00e1ltal Kolozsv\u00e1rott l\u00e9trehozott R\u00e9g\u00e9szeti Int\u00e9zet 1910-ben \u00f6n\u00e1ll\u00f3 periodik\u00e1t ind\u00edtott, mely tartalmi \u00e9s formai sz\u00ednvonal\u00e1val m\u00e9lt\u00f3 t\u00e1rsa lett kora vezet\u0151 r\u00e9g\u00e9szeti foly\u00f3iratainak. A <em>Dolgozatok az Erd\u00e9lyi Nemzeti M\u00fazeum \u00c9rem- \u00e9s R\u00e9gis\u00e9gt\u00e1r\u00e1b\u00f3l<\/em> azonban csak 1919-ig jelenhetett meg. A Kolozsv\u00e1ri Egyetem Szegedre k\u00f6lt\u00f6z\u00e9s\u00e9vel P\u00f3sta tan\u00edtv\u00e1nya, Buday \u00c1rp\u00e1d, majd Banner J\u00e1nos a d\u00e9l-alf\u00f6ldi v\u00e1rosban kezdett hozz\u00e1 a r\u00e9g\u00e9szk\u00e9pz\u00e9s \u00fajj\u00e1teremt\u00e9s\u00e9hez, ennek egyik fontos eszk\u00f6z\u00e9v\u00e9 v\u00e1lt az \u00fajraind\u00edtott <em>Dolgozatok<\/em> is, amely 1925-t\u0151l el\u0151bb a <a href=\"http:\/\/acta.bibl.u-szeged.hu\/view\/full_volume\/Dolgozatok_a_Magyar_Kir=E1lyi_Ferencz_J=F3zsef_Tudom=E1nyegyetem_Archaeologiai_Int=E9zet=E9b==0151l\/\" target=\"_blank\" rel=\"noopener noreferrer\"><em>Dolgozatok a M. Kir. Ferencz J\u00f3zsef Tudom\u00e1nyegyetem Archeologiai Int\u00e9zet\u00e9b\u0151l<\/em><\/a>, majd az egyetem\u00a0 n\u00e9vv\u00e1lt\u00e1s\u00e1t k\u00f6vet\u0151en 1941-t\u0151l a Dolgozatok a M. Kir. Horthy Mikl\u00f3s Tudom\u00e1nyegyetem R\u00e9gis\u00e9gtudom\u00e1nyi Int\u00e9zet\u00e9b\u0151l c\u00edmet viselte 1943-ig, imm\u00e1r m\u00e1sodik megsz\u0171nt\u00e9ig. S b\u00e1r r\u00e9g\u00e9szeket a m\u00e1sodik vil\u00e1gh\u00e1bor\u00fat k\u00f6vet\u0151en az 1960-as \u00e9vekt\u0151l kezdve ism\u00e9telten k\u00e9peztek a szegedi egyetemen, s\u0151t 1989-t\u0151l \u00f6n\u00e1ll\u00f3 r\u00e9g\u00e9szeti tansz\u00e9k is fel\u00e1llt, egy \u00f6n\u00e1ll\u00f3 kiadv\u00e1nysorozat \u00fajraind\u00edt\u00e1s\u00e1ra csak 2009-ben, a tansz\u00e9k fenn\u00e1ll\u00e1s\u00e1nak 20. \u00e9vfordul\u00f3j\u00e1n ny\u00edltak meg ism\u00e9t a felt\u00e9telek.<\/p>\n<p>Az \u00faj k\u00f6nyvsorozat a <em>Monogr\u00e1fi\u00e1k a Szegedi Tudom\u00e1nyegyetem R\u00e9g\u00e9szeti Tansz\u00e9k\u00e9r\u0151l <\/em>c\u00edmet kapta. A sorozat f\u0151szerkeszt\u0151i teend\u0151it R\u00e9v\u00e9sz L\u00e1szl\u00f3 tansz\u00e9kvezet\u0151, technikai szerkeszt\u00e9s\u00e9t Felf\u00f6ldi Szabolcs l\u00e1tja el, a sorozatszerkeszt\u0151 munk\u00e1j\u00e1t a tansz\u00e9k oktat\u00f3ib\u00f3l \u00e1ll\u00f3 szerkeszt\u0151bizotts\u00e1g seg\u00edti, melynek tagjai ab\u00e9c\u00e9 sorrendben: B. T\u00f3th \u00c1gnes, Kov\u00e1cs L\u00e1szl\u00f3, Kulcs\u00e1r Val\u00e9ria, Pint\u00e9r-Nagy Katalin, V\u00f6r\u00f6s Gabriella \u00e9s Wolf M\u00e1ria.<\/p>\n<p>A k\u00f6nyvsorozat eddig megjelent k\u00f6tetei:<\/p>\n<ol>\n<li><a href=\"http:\/\/acta.bibl.u-szeged.hu\/62613\/1\/regeszeti_monografiak_001.pdf\" target=\"_blank\" rel=\"noopener noreferrer\">K\u0151hegyi Mih\u00e1ly \u2013 V\u00f6r\u00f6s Gabriella: <em>Madaras-Halmok. Kr. u. 2\u20135. sz\u00e1zadi szarmata temet\u0151.<\/em> Szeged 2011.<\/a><\/li>\n<li><a href=\"http:\/\/acta.bibl.u-szeged.hu\/62612\/1\/regeszeti_monografiak_002.pdf\" target=\"_blank\" rel=\"noopener noreferrer\">N\u00e9meti J\u00e1nos \u2013 Moln\u00e1r Zsolt: <em>Bronzkori hatalmi k\u00f6zpontok \u00c9szaknyugat-Erd\u00e9lyben: A Nagyk\u00e1roly\u2013Bob\u00e1ld-tell. \u2014 Bronzezeitliche Machtzentren in Nordwest-Siebenbr\u00fcgen: Der Tell von Carei-Bob\u00e1ld.<\/em> Szeged 2012.<\/a><\/li>\n<li><a href=\"http:\/\/acta.bibl.u-szeged.hu\/69838\/1\/regeszeti_monografiak_003.pdf\" target=\"_blank\" rel=\"noopener noreferrer\"><em>A honfoglal\u00e1s kor kutat\u00e1s\u00e1nak leg\u00fajabb eredm\u00e9nyei. Tanulm\u00e1nyok Kov\u00e1cs L\u00e1szl\u00f3 70. sz\u00fclet\u00e9snapj\u00e1ra.<\/em> Szerk.: R\u00e9v\u00e9sz L\u00e1szl\u00f3 \u2013 Wolf M\u00e1ria. Szeged 2013.<\/a><\/li>\n<li><a href=\"http:\/\/acta.bibl.u-szeged.hu\/62611\/1\/regeszeti_monografiak_004.pdf\" target=\"_blank\" rel=\"noopener noreferrer\"><em>Az Alf\u00f6ld a 9. sz\u00e1zadban II.\u00a0<\/em>V\u00e1logat\u00e1s\u00a0\u201eAz Alf\u00f6ld a 9. sz\u00e1zadban II. \u2013 \u00daj eredm\u00e9nyek\u201d c\u00edm\u0171 konferenci\u00e1n 2014. m\u00e1jus 21\u201323. k\u00f6z\u00f6tt elhangzott el\u0151ad\u00e1sok anyagaib\u00f3l. Szerk.: Tak\u00e1cs Melinda. Szeged 2017.<\/a><\/li>\n<li><a href=\"http:\/\/acta.bibl.u-szeged.hu\/62610\/1\/regeszeti_monografiak_005.pdf\" target=\"_blank\" rel=\"noopener noreferrer\">Istv\u00e1novits Eszter \u2012 Kulcs\u00e1r Val\u00e9ria: <em>\u201c\u2026aligha \u00e1llhat nekik b\u00e1rmely csatarend ellent.\u201d Egy elfelejtett n\u00e9p, a szarmat\u00e1k<\/em>. [A J\u00f3sa Andr\u00e1s M\u00fazeum Kiadv\u00e1nyai 74. Monogr\u00e1fi\u00e1k a Szegedi Tudom\u00e1nyegyetem R\u00e9g\u00e9szeti Tansz\u00e9k\u00e9r\u0151l 5.] Ny\u00edregyh\u00e1za\u2012Szeged 2018.<\/a><\/li>\n<li><a href=\"http:\/\/acta.bibl.u-szeged.hu\/69839\/1\/regeszeti_monografiak_006.pdf\" target=\"_blank\" rel=\"noopener noreferrer\">Wolf M\u00e1ria: <em>A borsodi f\u00f6ldv\u00e1r. Egy \u00e1llamalap\u00edt\u00e1s kori megyesz\u00e9khely\u00fcnk kutat\u00e1sa<\/em>. [Monogr\u00e1fi\u00e1k a Szegedi Tudom\u00e1nyegyetem R\u00e9g\u00e9szeti Tansz\u00e9k\u00e9r\u0151l 6. Borsod-Aba\u00faj-Zempl\u00e9n megye r\u00e9g\u00e9szeti eml\u00e9kei 10.] Budapest\u2012Miskolc\u2012Szeged 2019.<\/a><\/li>\n<li><a href=\"http:\/\/acta.bibl.u-szeged.hu\/70805\/1\/regeszeti_monografiak_007.pdf\" target=\"_blank\" rel=\"noopener noreferrer\"><em>\u00daj nemzed\u00e9k. A szegedi R\u00e9g\u00e9szeti Tansz\u00e9k tehets\u00e9ggondoz\u00e1s\u00e1nak elm\u00falt \u00e9vtizedei. \u00dcnnepi k\u00f6tet B. T\u00f3th \u00c1gnes, Kulcs\u00e1r Val\u00e9ria, V\u00f6r\u00f6s Gabriella \u00e9s Wolf M\u00e1ria tisztelet\u00e9re<\/em>. Szerk.: B\u00edr\u00f3 Gy\u00f6ngyv\u00e9r &#8211; Pint\u00e9r-Nagy Katalin &#8211; Szebenyi Tam\u00e1s. A szerkeszt\u00e9sben k\u00f6zrem\u0171k\u00f6d\u00f6tt: Felf\u00f6ldi Szabolcs &#8211; Tak\u00e1cs Melinda. Szeged 2020.<\/a><\/li>\n<li><a href=\"https:\/\/barbaricum.hu\/3d-flip-book\/parducz-111-teljes\/\" target=\"_blank\" rel=\"noopener\"><em>P\u00e1rducz 111. Konferencia P\u00e1rducz Mih\u00e1ly (1908-1974) eml\u00e9k\u00e9re<\/em>. Szerk.: Istv\u00e1novits Eszter &#8211; Kulcs\u00e1r Val\u00e9ria. A szerkeszt\u00e9sben k\u00f6zrem\u0171k\u00f6d\u00f6tt: Szebenyi Tam\u00e1s. Szeged &#8211; Ny\u00edregyh\u00e1za 2020.<\/a><\/li>\n<li><a href=\"https:\/\/drive.google.com\/file\/d\/15dFnYQFc2keMwXQd_LqiCLKERlaobFOR\/view?usp=share_link\" target=\"_blank\" rel=\"noopener\">Fodor Istv\u00e1n \u2012 Szatm\u00e1ri Imre \u2012 V\u00f6r\u00f6s Gabriella: <em>\u00c1sat\u00e1s h\u00e1bor\u00fa idej\u00e9n. A gyulai t\u00e9glagy\u00e1r ter\u00fclet\u00e9n 1941-ben felt\u00e1rt temet\u0151 szarmata, honfoglal\u00e1s \u00e9s \u00e1llamalap\u00edt\u00e1s kori eml\u00e9kanyaga. <\/em>[Monogr\u00e1fi\u00e1k a Szegedi Tudom\u00e1nyegyetem R\u00e9g\u00e9szeti Tansz\u00e9k\u00e9r\u0151l 9. Gyulai Katal\u00f3gusok 15.] Gyula\u2012Szeged 2022.<\/a><\/li>\n<li>Wolf M\u00e1ria: <em>Hej\u0151kereszt\u00far-Vizekk\u00f6ze. A tat\u00e1rj\u00e1r\u00e1s r\u00e9g\u00e9szeti eml\u00e9kei 1. <\/em>[Opitz Archaeologica 22. Monogr\u00e1fi\u00e1k a Szegedi Tudom\u00e1nyegyetem R\u00e9g\u00e9szeti Tansz\u00e9k\u00e9r\u0151l 10.] Budapest\u2012Szeged 2022.<\/li>\n<li><a href=\"https:\/\/heyzine.com\/flip-book\/b079c84aca.html\" target=\"_blank\" rel=\"noopener\"><em>\u201eWe should not, however, think that we are pioneers\u201d Museums on troubled waters in the past and today<\/em>. Ed.: Farkas, Istv\u00e1n Gerg\u0151. [Publications of the J\u00f3sa Andr\u00e1s Museum 81. Monographs from the Department of Archaeology of the University of Szeged 10.] Ny\u00edregyh\u00e1za\u2012Szeged 2022.<\/a><\/li>\n<\/ol>\n<p>&nbsp;<\/p>\n<p><a href=\"http:\/\/regeszet.bibl.u-szeged.hu\/wp-content\/uploads\/2017\/11\/01.Voros_.jpg\"><img loading=\"lazy\" decoding=\"async\" class=\"aligncenter wp-image-848\" src=\"http:\/\/regeszet.bibl.u-szeged.hu\/wp-content\/uploads\/2017\/11\/01.Voros_.jpg\" alt=\"\" width=\"353\" height=\"500\" \/><\/a><\/p>\n<p><a href=\"http:\/\/regeszet.bibl.u-szeged.hu\/wp-content\/uploads\/2017\/11\/02.Nemeti_Molnar.jpg\"><img loading=\"lazy\" decoding=\"async\" class=\"aligncenter wp-image-849\" src=\"http:\/\/regeszet.bibl.u-szeged.hu\/wp-content\/uploads\/2017\/11\/02.Nemeti_Molnar.jpg\" alt=\"\" width=\"349\" height=\"500\" \/><\/a><\/p>\n<p><a href=\"http:\/\/regeszet.bibl.u-szeged.hu\/wp-content\/uploads\/2017\/11\/03.Kovacs_Laszlo.jpg\"><img loading=\"lazy\" decoding=\"async\" class=\"aligncenter wp-image-850\" src=\"http:\/\/regeszet.bibl.u-szeged.hu\/wp-content\/uploads\/2017\/11\/03.Kovacs_Laszlo.jpg\" alt=\"\" width=\"352\" height=\"500\" \/><\/a><\/p>\n<p><a href=\"http:\/\/regeszet.bibl.u-szeged.hu\/wp-content\/uploads\/2018\/02\/22256594_690995911104158_4055381553370405154_o.jpg\"><img loading=\"lazy\" decoding=\"async\" class=\"aligncenter wp-image-2040\" src=\"http:\/\/regeszet.bibl.u-szeged.hu\/wp-content\/uploads\/2018\/02\/22256594_690995911104158_4055381553370405154_o.jpg\" alt=\"\" width=\"352\" height=\"503\" \/><\/a><\/p>\n<p><a href=\"http:\/\/regeszet.bibl.u-szeged.hu\/wp-content\/uploads\/2019\/05\/Istvanovits-Kulcsar_Egy-elfelejtett-nep-a-szarmatak_borito.jpg\"><img loading=\"lazy\" decoding=\"async\" class=\"aligncenter wp-image-2807\" src=\"http:\/\/regeszet.bibl.u-szeged.hu\/wp-content\/uploads\/2019\/05\/Istvanovits-Kulcsar_Egy-elfelejtett-nep-a-szarmatak_borito.jpg\" alt=\"\" width=\"352\" height=\"512\" \/><\/a><\/p>\n<p><a href=\"http:\/\/regeszet.bibl.u-szeged.hu\/wp-content\/uploads\/2019\/05\/Wolf-Maria_Borsodi-foldvar_kiadvany.jpg\"><img loading=\"lazy\" decoding=\"async\" class=\"aligncenter wp-image-2808\" src=\"http:\/\/regeszet.bibl.u-szeged.hu\/wp-content\/uploads\/2019\/05\/Wolf-Maria_Borsodi-foldvar_kiadvany.jpg\" alt=\"\" width=\"352\" height=\"486\" \/><\/a><\/p>\n<p><a href=\"http:\/\/regeszet.bibl.u-szeged.hu\/wp-content\/uploads\/2020\/09\/Uj-nemzedek_borito.jpg\"><img loading=\"lazy\" decoding=\"async\" class=\"aligncenter wp-image-3547\" src=\"http:\/\/regeszet.bibl.u-szeged.hu\/wp-content\/uploads\/2020\/09\/Uj-nemzedek_borito.jpg\" alt=\"\" width=\"352\" height=\"495\" \/><\/a><\/p>\n<p><a href=\"http:\/\/regeszet.bibl.u-szeged.hu\/wp-content\/uploads\/2021\/07\/Parducz-111-kotet-boritoja.jpg\"><img loading=\"lazy\" decoding=\"async\" class=\"aligncenter wp-image-3971\" src=\"http:\/\/regeszet.bibl.u-szeged.hu\/wp-content\/uploads\/2021\/07\/Parducz-111-kotet-boritoja-211x300.jpg\" alt=\"\" width=\"352\" height=\"501\" srcset=\"https:\/\/regeszet.bibl.u-szeged.hu\/wp-content\/uploads\/2021\/07\/Parducz-111-kotet-boritoja-211x300.jpg 211w, https:\/\/regeszet.bibl.u-szeged.hu\/wp-content\/uploads\/2021\/07\/Parducz-111-kotet-boritoja.jpg 420w\" sizes=\"auto, (max-width: 352px) 100vw, 352px\" \/><\/a><\/p>\n","protected":false},"excerpt":{"rendered":"<p>Monogr\u00e1fi\u00e1k a Szegedi Tudom\u00e1nyegyetem R\u00e9g\u00e9szeti Tansz\u00e9k\u00e9r\u0151l A P\u00f3sta B\u00e9la \u00e1ltal Kolozsv\u00e1rott l\u00e9trehozott R\u00e9g\u00e9szeti Int\u00e9zet 1910-ben \u00f6n\u00e1ll\u00f3 periodik\u00e1t ind\u00edtott, mely tartalmi \u00e9s formai sz\u00ednvonal\u00e1val m\u00e9lt\u00f3 t\u00e1rsa lett kora vezet\u0151 r\u00e9g\u00e9szeti foly\u00f3iratainak. A Dolgozatok az Erd\u00e9lyi Nemzeti M\u00fazeum \u00c9rem- \u00e9s R\u00e9gis\u00e9gt\u00e1r\u00e1b\u00f3l azonban csak 1919-ig jelenhetett meg. A Kolozsv\u00e1ri Egyetem Szegedre k\u00f6lt\u00f6z\u00e9s\u00e9vel P\u00f3sta tan\u00edtv\u00e1nya, Buday \u00c1rp\u00e1d, majd Banner &hellip; <a href=\"https:\/\/regeszet.bibl.u-szeged.hu\/index.php\/kiadvanyaink\/monografiak\/\" class=\"more-link\"><span class=\"screen-reader-text\">Monogr\u00e1fi\u00e1k<\/span> b\u0151vebben&#8230; <span class=\"meta-nav\">&rarr;<\/span><\/a><\/p>\n","protected":false},"author":1,"featured_media":0,"parent":61,"menu_order":1,"comment_status":"closed","ping_status":"closed","template":"","meta":{"footnotes":""},"class_list":["post-273","page","type-page","status-publish","hentry"],"_links":{"self":[{"href":"https:\/\/regeszet.bibl.u-szeged.hu\/index.php\/wp-json\/wp\/v2\/pages\/273","targetHints":{"allow":["GET"]}}],"collection":[{"href":"https:\/\/regeszet.bibl.u-szeged.hu\/index.php\/wp-json\/wp\/v2\/pages"}],"about":[{"href":"https:\/\/regeszet.bibl.u-szeged.hu\/index.php\/wp-json\/wp\/v2\/types\/page"}],"author":[{"embeddable":true,"href":"https:\/\/regeszet.bibl.u-szeged.hu\/index.php\/wp-json\/wp\/v2\/users\/1"}],"replies":[{"embeddable":true,"href":"https:\/\/regeszet.bibl.u-szeged.hu\/index.php\/wp-json\/wp\/v2\/comments?post=273"}],"version-history":[{"count":24,"href":"https:\/\/regeszet.bibl.u-szeged.hu\/index.php\/wp-json\/wp\/v2\/pages\/273\/revisions"}],"predecessor-version":[{"id":846,"href":"https:\/\/regeszet.bibl.u-szeged.hu\/index.php\/wp-json\/wp\/v2\/pages\/273\/revisions\/846"}],"up":[{"embeddable":true,"href":"https:\/\/regeszet.bibl.u-szeged.hu\/index.php\/wp-json\/wp\/v2\/pages\/61"}],"wp:attachment":[{"href":"https:\/\/regeszet.bibl.u-szeged.hu\/index.php\/wp-json\/wp\/v2\/media?parent=273"}],"curies":[{"name":"wp","href":"https:\/\/api.w.org\/{rel}","templated":true}]}}