{"id":4485,"date":"2022-01-05T12:01:09","date_gmt":"2022-01-05T11:01:09","guid":{"rendered":"https:\/\/regeszet.bibl.u-szeged.hu\/?page_id=4485"},"modified":"2022-01-05T14:46:10","modified_gmt":"2022-01-05T13:46:10","slug":"egyetemunk-regeszeti-feladatai","status":"publish","type":"page","link":"https:\/\/regeszet.bibl.u-szeged.hu\/index.php\/tanszeki-gyujtemeny\/kiallitasaink\/egyetemunk-regeszeti-feladatai\/","title":{"rendered":"Egyetem\u00fcnk r\u00e9g\u00e9szeti feladatai"},"content":{"rendered":"<p>Tansz\u00e9k\u00fcnk munkat\u00e1rsai \u00e9s hallgat\u00f3i \u00e1ltal rendezett <em>\u201eEgyetem\u00fcnk r\u00e9g\u00e9szeti feladatai\u201d A szegedi egyetem egykori Archaeol\u00f3giai Int\u00e9zet\u00e9nek \u00e9s a mai R\u00e9g\u00e9szeti Tansz\u00e9k\u00e9nek kutat\u00e1si eredm\u00e9nyei<\/em> c\u00edm\u0171 ki\u00e1ll\u00edt\u00e1sunkat 2021. december 1-j\u00e9n Dr. Keveh\u00e1zi Katalin, az SZTE Klebelsberg K\u00f6nyvt\u00e1r f\u0151igazgat\u00f3ja, Prof. Dr. Gyenge Zolt\u00e1n, az SZTE BTK d\u00e9k\u00e1nja \u00e9s Prof. Dr. Visy Zsolt, a PTE professor emeritusa <a href=\"https:\/\/regeszet.bibl.u-szeged.hu\/index.php\/2021\/12\/02\/megnyilt-a-tanszeki-kiallitasunk\/\" target=\"_blank\" rel=\"noopener\">nyitotta meg<\/a>. A ki\u00e1ll\u00edt\u00e1s 2021. december 17-ig volt megtekinthet\u0151 az <a href=\"http:\/\/www.ek.szte.hu\/a-konyvtarrol\/\" target=\"_blank\" rel=\"noopener\">SZTE Klebelsberg K\u00f6nyvt\u00e1r<\/a> \u00e1trium\u00e1ban.<\/p>\n<p><a href=\"http:\/\/regeszet.bibl.u-szeged.hu\/wp-content\/uploads\/2022\/01\/001-print-NYITO-POSZTER_page-0001_kicsi-scaled.jpg\"><img loading=\"lazy\" decoding=\"async\" class=\"aligncenter wp-image-4488\" src=\"http:\/\/regeszet.bibl.u-szeged.hu\/wp-content\/uploads\/2022\/01\/001-print-NYITO-POSZTER_page-0001_kicsi-212x300.jpg\" alt=\"\" width=\"300\" height=\"424\" srcset=\"https:\/\/regeszet.bibl.u-szeged.hu\/wp-content\/uploads\/2022\/01\/001-print-NYITO-POSZTER_page-0001_kicsi-212x300.jpg 212w, https:\/\/regeszet.bibl.u-szeged.hu\/wp-content\/uploads\/2022\/01\/001-print-NYITO-POSZTER_page-0001_kicsi-724x1024.jpg 724w, https:\/\/regeszet.bibl.u-szeged.hu\/wp-content\/uploads\/2022\/01\/001-print-NYITO-POSZTER_page-0001_kicsi-768x1086.jpg 768w, https:\/\/regeszet.bibl.u-szeged.hu\/wp-content\/uploads\/2022\/01\/001-print-NYITO-POSZTER_page-0001_kicsi-1086x1536.jpg 1086w, https:\/\/regeszet.bibl.u-szeged.hu\/wp-content\/uploads\/2022\/01\/001-print-NYITO-POSZTER_page-0001_kicsi-1449x2048.jpg 1449w, https:\/\/regeszet.bibl.u-szeged.hu\/wp-content\/uploads\/2022\/01\/001-print-NYITO-POSZTER_page-0001_kicsi-scaled.jpg 1811w\" sizes=\"auto, (max-width: 300px) 100vw, 300px\" \/><\/a><\/p>\n<p>A szegedi egyetem R\u00e9g\u00e9szeti Tansz\u00e9k\u00e9nek m\u00faltja nagy hagyom\u00e1nyokra vezethet\u0151 vissza,\u00a0 t\u00f6rt\u00e9nete t\u00f6bb peri\u00f3dusra oszthat\u00f3.\u00a0A Kolozsv\u00e1rr\u00f3l Szegedre k\u00f6lt\u00f6z\u00f6tt egyetemre 1924-ben kinevezett, P\u00f3sta tan\u00edtv\u00e1ny Buday \u00c1rp\u00e1dnak \u00e9s munkat\u00e1rs\u00e1nak, Banner J\u00e1nosnak alapjait\u00f3l kellett fel\u00e9p\u00edteni az Archaeol\u00f3giai Int\u00e9zetet. L\u00e9trehoz\u00f3i szinte minden ter\u00fcleten az el\u0151d, a kolozsv\u00e1ri r\u00e9g\u00e9szeti iskola hagyom\u00e1nyait vett\u00e9k alapul. Els\u0151dleges feladatuknak tekintett\u00e9k, hogy el\u0151teremts\u00e9k az int\u00e9zet munk\u00e1j\u00e1hoz sz\u00fcks\u00e9ges anyagi \u00e9s infrastruktur\u00e1lis h\u00e1tteret. A megfelel\u0151 sz\u00ednvonal\u00fa oktat\u00e1shoz \u00e9s a kutat\u00e1sokhoz tantermekre, r\u00e9g\u00e9szeti gy\u0171jtem\u00e9nyre, k\u00f6nyvt\u00e1rra volt sz\u00fcks\u00e9g\u00fck. Ezt az 1920-as \u00e9vek v\u00e9g\u00e9re marad\u00e9ktalanul megteremtett\u00e9k az egyetemi kezel\u00e9sbe ker\u00fclt, egykori Lesz\u00e1m\u00edtol\u00f3 Palota harmadik emelet\u00e9n. H\u00e1rom f\u0151 alapfeladatot hat\u00e1roztak meg: a tan\u00e1rk\u00e9pz\u00e9sben \u00e9s az ismeretterjeszt\u00e9sben val\u00f3 akt\u00edv r\u00e9szv\u00e9tel, elm\u00e9leti \u00e9s gyakorlati ismeretekkel egyar\u00e1nt felv\u00e9rtezett r\u00e9g\u00e9szek, muzeol\u00f3gusok k\u00e9pz\u00e9se, valamint tudom\u00e1nyos kutat\u00e1sok v\u00e9gz\u00e9se a D\u00e9l-Alf\u00f6ld\u00f6n. 1925-t\u0151l megkezd\u0151dtek az int\u00e9zeti \u00e1sat\u00e1sok, \u00e9s szint\u00e9n ebben az \u00e9vben \u00fajraindult a Dolgozatok periodika Szegeden. Az 1920-as \u00e9vek v\u00e9g\u00e9t\u0151l a munkat\u00e1rsak figyelm\u00e9t a r\u00e9gi\u00f3 tanulm\u00e1nyoz\u00e1sa k\u00f6t\u00f6tte le, ugyanis innent\u0151l kezdve az\u00a0 int\u00e9zet egyre jelent\u0151sebb szerepet v\u00e1llalt a D\u00e9l-Alf\u00f6ld r\u00e9g\u00e9szeti kutat\u00e1s\u00e1ban. Buday \u00c1rp\u00e1d \u00e9s Banner J\u00e1nos az 1930-as \u00e9vek v\u00e9g\u00e9re egy eur\u00f3pai szinten is kiemelked\u0151 int\u00e9zetet hoztak l\u00e9tre, ahol mind a r\u00e9g\u00e9szek, muzeol\u00f3gusok k\u00e9pz\u00e9se, mind a d\u00e9l-alf\u00f6ldi kutat\u00e1sok magas szinten folytak.<\/p>\n<p>A m\u00e1sodik vil\u00e1gh\u00e1bor\u00fat k\u00f6vet\u0151en az int\u00e9zet munkat\u00e1rsai (B\u00e1lint Alajos, Foltiny Istv\u00e1n,\u00a0 Korek J\u00f3zsef, P\u00e1rducz Mih\u00e1ly, Sz\u00e9ll M\u00e1rta) elhagyt\u00e1k Szegedet, \u00e9s t\u00f6bbs\u00e9g\u00fck Budapesten helyezkedett el, k\u00f6zt\u00fck a szegedi r\u00e9g\u00e9szeti oktat\u00e1s \u00e9s kutat\u00e1s vez\u00e9regy\u00e9nis\u00e9ge, Banner J\u00e1nos, aki a budapesti egyetem \u0151sr\u00e9g\u00e9szeti int\u00e9zet\u00e9nek lett a vezet\u0151je. A staf\u00e9t\u00e1t nagyon r\u00f6vid id\u0151re a szint\u00e9n Kolozsv\u00e1rr\u00f3l sz\u00e1rmaz\u00f3 Roska M\u00e1rton vette \u00e1t, aki els\u0151sorban a r\u00e9g\u00e9szet oktat\u00e1s\u00e1ra f\u00f3kusz\u00e1lt. 1949-ben azonban koncepci\u00f3s perben el\u00edt\u00e9lt\u00e9k \u00e9s elt\u00e1vol\u00edtott\u00e1k az egyetemr\u0151l. Az 1950-es \u00e9vek elej\u00e9n megsz\u00fcntett\u00e9k a szegedi int\u00e9zetet.<\/p>\n<p>1962-ben a budapesti egyetemen v\u00e9gzett, d\u00e9l-alf\u00f6ldi gy\u00f6kerekkel rendelkez\u0151 Gazdapusztai Gyul\u00e1t nevezt\u00e9k ki a szegedi egyetem \u00fajonnan l\u00e9trej\u00f6v\u0151 \u00d3kort\u00f6rt\u00e9neti \u00e9s R\u00e9g\u00e9szeti Tansz\u00e9ke \u00e9l\u00e9re, ezzel szervez\u0151d\u00f6tt \u00fajj\u00e1 a r\u00e9g\u00e9szet oktat\u00e1sa Szegeden.<\/p>\n<p>Gazdapusztai Gyula 1968-as korai hal\u00e1la ut\u00e1n, 1969-ben vette \u00e1t a szegedi m\u00fazeum munkat\u00e1rsa, Trogmayer Ott\u00f3 a r\u00e9g\u00e9szeti oktat\u00e1st \u00e9s annak szervez\u00e9s\u00e9t. A tansz\u00e9k egyetlen k\u00fcls\u0151s oktat\u00f3jak\u00e9nt j\u00f3 p\u00e1r \u00e9vig elhivatottan l\u00e1tta el ezeket a feladatokat a m\u00fazeumi munk\u00e1ja mellett. Az 1970-es \u00e9vekt\u0151l kezdve folyamatosan b\u0151v\u00fclt a r\u00e9g\u00e9szk\u00e9pz\u00e9s oktat\u00f3i \u00e1llom\u00e1nya. 1989-ben, a rendszerv\u00e1ltoz\u00e1ssal p\u00e1rhuzamosan a szegedi r\u00e9g\u00e9szoktat\u00e1sban is jelent\u0151s fordulat k\u00f6vetkezett be: majd\u2019 30 \u00e9v eltelte ut\u00e1n ism\u00e9t \u00f6n\u00e1ll\u00f3 lett a R\u00e9g\u00e9szeti Tansz\u00e9k, melynek els\u0151 vezet\u0151je Trogmayer Ott\u00f3 lett, aki 1997-ig t\u00f6lt\u00f6tte be ezt a posztot. T\u0151le Fodor Istv\u00e1n vette \u00e1t a feladatot. Trogmayer Ott\u00f3 munk\u00e1ss\u00e1ga idej\u00e9n a r\u00e9g\u00e9szet oktat\u00e1s\u00e1ban az egyetem szorosan \u00f6sszefon\u00f3dott a szegedi m\u00fazeummal. A szegedi r\u00e9g\u00e9sz iskola egyik legf\u0151bb t\u00e1masza, mank\u00f3ja lett a m\u00fazeum. A f\u0151 b\u00e1zis, a M\u00f3ra Ferenc M\u00fazeum mellett a Csongr\u00e1d megyei m\u00fazeumi szervezet t\u00f6bbi m\u00fazeuma is akt\u00edvan r\u00e9szt vett ebben. Trogmayer f\u0151 ir\u00e1nyelve volt, hogy olyan szakembereket bocs\u00e1ssanak \u00fatjukra, akik az \u00f6sszes r\u00e9g\u00e9szeti korszak kutat\u00e1s\u00e1ban otthonosan mozognak, \u00e9s k\u00e9pesek a vid\u00e9ki m\u00fazeumok komplex feladatainak ell\u00e1t\u00e1s\u00e1ra is. Az elm\u00e9leti oktat\u00e1s mellett komoly hangs\u00falyt fektetett a terepi \u00e9s gy\u0171jtem\u00e9nyi gyakorlatokra, melyek ide\u00e1lis helysz\u00edne lett a M\u00f3ra Ferenc M\u00fazeum. A hallgat\u00f3k teljesen \u201ebe\u00e9p\u00fcltek\u201d az int\u00e9zm\u00e9nybe, m\u00e1sodik otthonuk lett.<\/p>\n<p>M\u00e1ra m\u00e1r sokkal laz\u00e1bb kapcsolat f\u0171zi az R\u00e9g\u00e9szeti Tansz\u00e9ket a szegedi m\u00fazeumhoz, de a tansz\u00e9k hallgat\u00f3i sz\u00e1m\u00e1ra tov\u00e1bbra is nyitva \u00e1ll az egykor M\u00f3ra Ferenc, Csall\u00e1ny Dezs\u0151, B\u00e1lint Alajos, Trogmayer Ott\u00f3 \u00e1ltal vezetett int\u00e9zm\u00e9ny kapuja (k\u00f6nyvt\u00e1r, anyagismeret \u00f3r\u00e1k, ki\u00e1ll\u00edt\u00e1sl\u00e1togat\u00e1s). A tansz\u00e9k tov\u00e1bbra is szoros kapcsolatot \u00e1pol a d\u00e9l-alf\u00f6ldi k\u00f6zgy\u0171jtem\u00e9nyekkel (k\u00f6zt\u00fck a h\u00f3dmez\u0151v\u00e1s\u00e1rhelyi, a gyulai, a szentesi, a csongr\u00e1di, az orosh\u00e1zi, a szarvasi, a bajai m\u00fazeummal), ami sokf\u00e9le m\u00f3don nyilv\u00e1nul meg: k\u00f6z\u00f6s projektekben, anyagismeret \u00f3r\u00e1kban, m\u00fazeuml\u00e1togat\u00e1sban, k\u00f6z\u00f6s tan\u00e1sat\u00e1sokban, konferenciaszervez\u00e9sben, k\u00f6nyvkiad\u00e1sban.<\/p>\n<p>Az elm\u00falt sz\u00e1z \u00e9vben nagyon sok minden megv\u00e1ltozott a r\u00e9g\u00e9szk\u00e9pz\u00e9s rendszer\u00e9ben, az oktat\u00e1sm\u00f3dszertanban, a r\u00e9g\u00e9szeti kutat\u00e1s m\u00f3dszertan\u00e1ban, szeml\u00e9letm\u00f3dj\u00e1ban. Azok az alapok, alapfeladatok azonban, melyeket az int\u00e9zet alap\u00edt\u00e1sakor Buday \u00c1rp\u00e1d \u00e9s Banner J\u00e1nos fogalmazott meg az int\u00e9zettel kapcsolatban, nem v\u00e1ltoztak. A szegedi R\u00e9g\u00e9szeti Tansz\u00e9k \u2013 term\u00e9szetesen haladva a korral, az \u00faj kutat\u00e1si trendek, m\u00f3dszerek alkalmaz\u00e1s\u00e1val \u2013 tov\u00e1bbra is ezen alapelvek ment\u00e9n k\u00e9pzeli el a j\u00f6v\u0151j\u00e9t.<\/p>\n<p>T\u00e1rlatunk c\u00e9lja, hogy a szegedi egyetem centen\u00e1riumi \u00fcnneps\u00e9gsorozat\u00e1hoz csatlakozva, az 1924-ben l\u00e9trej\u00f6tt Archaeol\u00f3giai Int\u00e9zet \u00e9s a jelenlegi R\u00e9g\u00e9szeti Tansz\u00e9k kutat\u00e1si ir\u00e1nyait, eredm\u00e9nyeit bemutassa, k\u00fcl\u00f6n\u00f6sen a d\u00e9l-alf\u00f6ldi r\u00e9g\u00e9szeti kutat\u00e1sokban bet\u00f6lt\u00f6tt egykori \u00e9s jelenlegi szerepv\u00e1llal\u00e1s\u00e1ra f\u00f3kusz\u00e1lva. Az egykori \u00e9s a jelenlegi int\u00e9zet is jelent\u0151s szerepet j\u00e1tszott\/j\u00e1tszik az orsz\u00e1g k\u00fcl\u00f6nb\u00f6z\u0151 pontjain v\u00e9gzett r\u00e9g\u00e9szeti felt\u00e1r\u00e1sokban, kutat\u00e1sokban \u00e9s eredm\u00e9nyeik publik\u00e1l\u00e1s\u00e1ban, topogr\u00e1fiai munk\u00e1kban \u00e9s adatb\u00e1zisok l\u00e9trehoz\u00e1s\u00e1ban.<\/p>\n<p style=\"text-align: center;\"><strong>A 2021 december\u00e9ben bemutatott ki\u00e1ll\u00edt\u00e1s az al\u00e1bbi k\u00e9pre kattintva virtu\u00e1lisan megtekinthet\u0151<\/strong><a href=\"https:\/\/regeszet.bibl.u-szeged.hu\/vkiallitas\/\" target=\"_blank\" rel=\"noopener\"><img loading=\"lazy\" decoding=\"async\" class=\"aligncenter wp-image-4516 size-full\" src=\"http:\/\/regeszet.bibl.u-szeged.hu\/wp-content\/uploads\/2022\/01\/Virtualis-kiallitas.jpg\" alt=\"\" width=\"1294\" height=\"654\" data-wp-editing=\"1\" srcset=\"https:\/\/regeszet.bibl.u-szeged.hu\/wp-content\/uploads\/2022\/01\/Virtualis-kiallitas.jpg 1294w, https:\/\/regeszet.bibl.u-szeged.hu\/wp-content\/uploads\/2022\/01\/Virtualis-kiallitas-300x152.jpg 300w, https:\/\/regeszet.bibl.u-szeged.hu\/wp-content\/uploads\/2022\/01\/Virtualis-kiallitas-1024x518.jpg 1024w, https:\/\/regeszet.bibl.u-szeged.hu\/wp-content\/uploads\/2022\/01\/Virtualis-kiallitas-768x388.jpg 768w\" sizes=\"auto, (max-width: 1294px) 100vw, 1294px\" \/><\/a><\/p>\n<p>A felv\u00e9telt k\u00e9sz\u00edtette: Farkas Anna<\/p>\n","protected":false},"excerpt":{"rendered":"<p>Tansz\u00e9k\u00fcnk munkat\u00e1rsai \u00e9s hallgat\u00f3i \u00e1ltal rendezett \u201eEgyetem\u00fcnk r\u00e9g\u00e9szeti feladatai\u201d A szegedi egyetem egykori Archaeol\u00f3giai Int\u00e9zet\u00e9nek \u00e9s a mai R\u00e9g\u00e9szeti Tansz\u00e9k\u00e9nek kutat\u00e1si eredm\u00e9nyei c\u00edm\u0171 ki\u00e1ll\u00edt\u00e1sunkat 2021. december 1-j\u00e9n Dr. Keveh\u00e1zi Katalin, az SZTE Klebelsberg K\u00f6nyvt\u00e1r f\u0151igazgat\u00f3ja, Prof. Dr. Gyenge Zolt\u00e1n, az SZTE BTK d\u00e9k\u00e1nja \u00e9s Prof. Dr. Visy Zsolt, a PTE professor emeritusa nyitotta meg. A &hellip; <a href=\"https:\/\/regeszet.bibl.u-szeged.hu\/index.php\/tanszeki-gyujtemeny\/kiallitasaink\/egyetemunk-regeszeti-feladatai\/\" class=\"more-link\"><span class=\"screen-reader-text\">Egyetem\u00fcnk r\u00e9g\u00e9szeti feladatai<\/span> b\u0151vebben&#8230; <span class=\"meta-nav\">&rarr;<\/span><\/a><\/p>\n","protected":false},"author":1,"featured_media":0,"parent":269,"menu_order":4,"comment_status":"closed","ping_status":"closed","template":"","meta":{"footnotes":""},"class_list":["post-4485","page","type-page","status-publish","hentry"],"_links":{"self":[{"href":"https:\/\/regeszet.bibl.u-szeged.hu\/index.php\/wp-json\/wp\/v2\/pages\/4485","targetHints":{"allow":["GET"]}}],"collection":[{"href":"https:\/\/regeszet.bibl.u-szeged.hu\/index.php\/wp-json\/wp\/v2\/pages"}],"about":[{"href":"https:\/\/regeszet.bibl.u-szeged.hu\/index.php\/wp-json\/wp\/v2\/types\/page"}],"author":[{"embeddable":true,"href":"https:\/\/regeszet.bibl.u-szeged.hu\/index.php\/wp-json\/wp\/v2\/users\/1"}],"replies":[{"embeddable":true,"href":"https:\/\/regeszet.bibl.u-szeged.hu\/index.php\/wp-json\/wp\/v2\/comments?post=4485"}],"version-history":[{"count":8,"href":"https:\/\/regeszet.bibl.u-szeged.hu\/index.php\/wp-json\/wp\/v2\/pages\/4485\/revisions"}],"predecessor-version":[{"id":4523,"href":"https:\/\/regeszet.bibl.u-szeged.hu\/index.php\/wp-json\/wp\/v2\/pages\/4485\/revisions\/4523"}],"up":[{"embeddable":true,"href":"https:\/\/regeszet.bibl.u-szeged.hu\/index.php\/wp-json\/wp\/v2\/pages\/269"}],"wp:attachment":[{"href":"https:\/\/regeszet.bibl.u-szeged.hu\/index.php\/wp-json\/wp\/v2\/media?parent=4485"}],"curies":[{"name":"wp","href":"https:\/\/api.w.org\/{rel}","templated":true}]}}