{"id":546,"date":"2017-11-23T11:30:32","date_gmt":"2017-11-23T10:30:32","guid":{"rendered":"http:\/\/regeszet.bibl.u-szeged.hu\/?page_id=546"},"modified":"2017-12-05T12:31:28","modified_gmt":"2017-12-05T11:31:28","slug":"elsodort-intezetek","status":"publish","type":"page","link":"https:\/\/regeszet.bibl.u-szeged.hu\/index.php\/tanszeki-gyujtemeny\/kiallitasaink\/elsodort-intezetek\/","title":{"rendered":"Elsodort int\u00e9zetek"},"content":{"rendered":"<p><strong>Elsodort int\u00e9zetek. A kolozsv\u00e1ri \u00e9s a szegedi R\u00e9g\u00e9szeti Int\u00e9zet els\u0151 \u00f6tven \u00e9ve (1899-1949)<\/strong><\/p>\n<p>Tansz\u00e9k\u00fcnk a kolozsv\u00e1ri \u00e9s a szegedi R\u00e9g\u00e9szeti Int\u00e9zet t\u00f6rt\u00e9net\u00e9t bemutat\u00f3 ki\u00e1ll\u00edt\u00e1st szervezett t\u00f6bb int\u00e9zettel egy\u00fcttm\u0171k\u00f6dve (k\u00f6zt\u00fck az SZTE Klebelsberg K\u00f6nyvt\u00e1r Egyetemi Gy\u0171jtem\u00e9ny, SZTE Egyetemi Lev\u00e9lt\u00e1ra). Az\u00a0SZTE J\u00f3zsef Attila Tanulm\u00e1nyi \u00e9s Inform\u00e1ci\u00f3s K\u00f6zpont \u00e1trium\u00e1ban ny\u00edlt t\u00e1rlat c\u00e9lja, hogy p\u00e1rhuzamba \u00e1ll\u00edtsa a P\u00f3sta B\u00e9la nev\u00e9vel f\u00e9mjelzett, a 19. sz\u00e1zad v\u00e9g\u00e9n alap\u00edtott kolozsv\u00e1ri r\u00e9g\u00e9szeti iskola szisztematikus oktat\u00e1si strukt\u00far\u00e1j\u00e1t, kutat\u00e1si metodik\u00e1j\u00e1t a Buday \u00c1rp\u00e1d \u00e9s Banner J\u00e1nos \u00e1ltal l\u00e9trehozott, az els\u0151 vil\u00e1gh\u00e1bor\u00fat k\u00f6vet\u0151en Kolozsv\u00e1rr\u00f3l Szegedre telep\u00fclt r\u00e9g\u00e9szeti iskol\u00e1\u00e9val. A sz\u00e1mos t\u00e1rl\u00f3 \u00e9s poszter nem kronol\u00f3giai rendben veszi sorra az esem\u00e9nyeket, hanem egy-egy t\u00e9m\u00e1ra f\u00f3kusz\u00e1lva ismerteti e k\u00e9t iskola k\u00f6z\u00f6tti hasonl\u00f3s\u00e1gokat, illetve k\u00fcl\u00f6nbs\u00e9geket, \u00e9s r\u00e1vil\u00e1g\u00edt arra, hogy a P\u00f3sta-f\u00e9le kolozsv\u00e1ri R\u00e9g\u00e9szeti Int\u00e9zet hagyom\u00e1nyai mik\u00e9nt \u00e9lnek tov\u00e1bb a tan\u00edtv\u00e1nyai \u00e1ltal l\u00e9trehozott szegedi int\u00e9zetben.<\/p>\n<p>A ki\u00e1ll\u00edt\u00e1s megnyit\u00f3j\u00e1n az SZTE Klebelsberg K\u00f6nyvt\u00e1r f\u0151igazgat\u00f3ja, Keveh\u00e1zi Katalin k\u00f6sz\u00f6nt\u00f6tte a megjelenteket. A t\u00e1rlatot R\u00e9v\u00e9sz L\u00e1szl\u00f3, az SZTE BTK R\u00e9g\u00e9szeti Tansz\u00e9k vezet\u0151je nyitotta meg. Besz\u00e9d\u00e9ben hangs\u00falyozta a kolozsv\u00e1ri \u00e9s a szegedi r\u00e9g\u00e9szeti m\u0171hely k\u00f6t\u0151d\u00e9si pontjait. Kiemelte, hogy a kolozsv\u00e1ri R\u00e9g\u00e9szeti Int\u00e9zet alap\u00edt\u00f3j\u00e1nak, P\u00f3sta B\u00e9l\u00e1nak els\u0151 tan\u00edtv\u00e1nya, Buday \u00c1rp\u00e1d volt a szegedi int\u00e9zet alap\u00edt\u00f3ja, de munkat\u00e1rsa, Banner J\u00e1nos is mester\u00e9nek vallotta P\u00f3st\u00e1t. A ki\u00e1ll\u00edt\u00e1s t\u00e1rgyi alapj\u00e1t az \u00e1ltaluk a k\u00e9t vil\u00e1gh\u00e1bor\u00fa k\u00f6z\u00f6tt l\u00e9trehozott r\u00e9g\u00e9szeti gy\u0171jtem\u00e9ny adja. Az egykor mintegy 12 000 t\u00e1rgyb\u00f3l \u00e1ll\u00f3 r\u00e9g\u00e9szeti t\u00e1r anyaga a paleolitikumt\u00f3l a k\u00e9s\u0151 k\u00f6z\u00e9pkorig szinte az \u00f6sszes korszakot, kult\u00far\u00e1t reprezent\u00e1lja. Fontos hangs\u00falyozni, hogy nemcsak a mai Magyarorsz\u00e1g t\u00e9rs\u00e9g\u00e9b\u0151l tal\u00e1lhat\u00f3k itt anyagok, hanem p\u00e9ld\u00e1ul a Franciaorsz\u00e1g, G\u00f6r\u00f6gorsz\u00e1g \u00e9s Olaszorsz\u00e1g ter\u00fclet\u00e9r\u0151l is. Az int\u00e9zet egykori oktat\u00f3i tudatosan t\u00f6rekedtek arra, hogy lehet\u0151s\u00e9g szerint minden korszak t\u00e1rgyi anyaga k\u00e9pviselje mag\u00e1t a gy\u0171jtem\u00e9nyben, ezzel is biztos\u00edtva a tansz\u00e9k hallgat\u00f3inak sz\u00e9les k\u00f6r\u0171 r\u00e9g\u00e9szeti anyagismeret\u00e9t.<\/p>\n<p>R\u00e9v\u00e9sz L\u00e1szl\u00f3 r\u00e1mutatott, a II. vil\u00e1gh\u00e1bor\u00fat k\u00f6vet\u0151en ellehetetlen\u00fclt az int\u00e9zet helyzete, 1950-ben teljesen megsz\u00fcntett\u00e9k. Hangs\u00falyozta, b\u00e1r az int\u00e9zet megsz\u0171nt, az itt oktat\u00f3k \u00e9s tan\u00edtv\u00e1nyok a r\u00e9g\u00e9szettudom\u00e1ny jelent\u0151s alakjai voltak, \u00e9s tov\u00e1bbvitt\u00e9k a kolozsv\u00e1ri-szegedi \u00e9rt\u00e9keket, meghat\u00e1roz\u00f3i alakjaiv\u00e1 v\u00e1ltak k\u00e9s\u0151bb is a magyar \u00e9s a nemzetk\u00f6zi r\u00e9g\u00e9szettudom\u00e1nynak. Ilyen volt p\u00e9ld\u00e1ul Banner J\u00e1nos, aki az ELTE \u0151sr\u00e9g\u00e9szeti tansz\u00e9k\u00e9nek a vezet\u0151je lett, Korek J\u00f3zsef, aki a Magyar Nemzeti M\u00fazeum f\u0151igazgat\u00f3-helyettesek\u00e9nt tev\u00e9kenykedett, illetve B\u00e1lint Alajos, aki a szegedi m\u00fazeum igazgat\u00f3ja lett, vagy \u00e9ppen P\u00e1rducz Mih\u00e1ly, a Magyar Nemzeti M\u00fazeum, majd az MTA R\u00e9g\u00e9szeti Int\u00e9zet\u00e9nek k\u00e9s\u0151bbi munkat\u00e1rsa. A tansz\u00e9kvezet\u0151 kiemelte, hogy az 1960-as \u00e9vekben indult \u00fajra a szegedi egyetemen a szisztematikus r\u00e9g\u00e9szeti oktat\u00e1s, amelybe Trogmayer Ott\u00f3, k\u00e9s\u0151bb t\u00f6bbek k\u00f6z\u00f6tt Fodor Istv\u00e1n is bekapcsol\u00f3dott. \u00d6n\u00e1ll\u00f3 r\u00e9g\u00e9szeti tansz\u00e9k l\u00e9trehoz\u00e1s\u00e1ra viszont eg\u00e9szen 1989-ig kellett v\u00e1rni.<\/p>\n<p><a href=\"http:\/\/regeszet.bibl.u-szeged.hu\/wp-content\/uploads\/2017\/11\/00-PLAK\u00c1T-v\u00e9gleges.jpg\">\u00a0\u00a0\u00a0\u00a0<\/a><a href=\"http:\/\/regeszet.bibl.u-szeged.hu\/wp-content\/uploads\/2017\/11\/00-PLAK\u00c1T-v\u00e9gleges.jpg\"><img loading=\"lazy\" decoding=\"async\" class=\"alignnone wp-image-571 size-full\" src=\"http:\/\/regeszet.bibl.u-szeged.hu\/wp-content\/uploads\/2017\/11\/00-PLAK\u00c1T-v\u00e9gleges.jpg\" alt=\"\" width=\"636\" height=\"900\" \/><\/a><a href=\"http:\/\/regeszet.bibl.u-szeged.hu\/wp-content\/uploads\/2017\/11\/1.poster.jpg\">\u00a0\u00a0\u00a0\u00a0<\/a><a href=\"http:\/\/regeszet.bibl.u-szeged.hu\/wp-content\/uploads\/2017\/11\/1.poster.jpg\"><img loading=\"lazy\" decoding=\"async\" class=\"wp-image-572 size-full aligncenter\" src=\"http:\/\/regeszet.bibl.u-szeged.hu\/wp-content\/uploads\/2017\/11\/1.poster.jpg\" alt=\"\" width=\"636\" height=\"900\" \/><\/a><a href=\"http:\/\/regeszet.bibl.u-szeged.hu\/wp-content\/uploads\/2017\/11\/2.poster.jpg\">\u00a0\u00a0\u00a0\u00a0<\/a><a href=\"http:\/\/regeszet.bibl.u-szeged.hu\/wp-content\/uploads\/2017\/11\/2.poster.jpg\"><img loading=\"lazy\" decoding=\"async\" class=\"wp-image-573 size-full aligncenter\" src=\"http:\/\/regeszet.bibl.u-szeged.hu\/wp-content\/uploads\/2017\/11\/2.poster.jpg\" alt=\"\" width=\"636\" height=\"900\" \/><\/a><a href=\"http:\/\/regeszet.bibl.u-szeged.hu\/wp-content\/uploads\/2017\/11\/3.poster.jpg\">\u00a0\u00a0\u00a0\u00a0<\/a><a href=\"http:\/\/regeszet.bibl.u-szeged.hu\/wp-content\/uploads\/2017\/11\/3.poster.jpg\"><img loading=\"lazy\" decoding=\"async\" class=\"wp-image-574 size-full aligncenter\" src=\"http:\/\/regeszet.bibl.u-szeged.hu\/wp-content\/uploads\/2017\/11\/3.poster.jpg\" alt=\"\" width=\"636\" height=\"900\" \/><\/a><a href=\"http:\/\/regeszet.bibl.u-szeged.hu\/wp-content\/uploads\/2017\/11\/4.poster.jpg\">\u00a0\u00a0\u00a0\u00a0<\/a><a href=\"http:\/\/regeszet.bibl.u-szeged.hu\/wp-content\/uploads\/2017\/11\/4.poster.jpg\"><img loading=\"lazy\" decoding=\"async\" class=\"wp-image-575 size-full aligncenter\" src=\"http:\/\/regeszet.bibl.u-szeged.hu\/wp-content\/uploads\/2017\/11\/4.poster.jpg\" alt=\"\" width=\"636\" height=\"900\" \/><\/a><a href=\"http:\/\/regeszet.bibl.u-szeged.hu\/wp-content\/uploads\/2017\/11\/5.poster.jpg\"><img loading=\"lazy\" decoding=\"async\" class=\"wp-image-576 size-full aligncenter\" src=\"http:\/\/regeszet.bibl.u-szeged.hu\/wp-content\/uploads\/2017\/11\/5.poster.jpg\" alt=\"\" width=\"636\" height=\"900\" \/><\/a><\/p>\n<div class=\"rgg-container\" data-rgg-id=\"1\">    <div class=\"rgg-imagegrid captions-title captions-effect-none \" data-rgg-id=\"1\">\n                    <a href=\"https:\/\/regeszet.bibl.u-szeged.hu\/wp-content\/uploads\/2017\/11\/DSC0021.jpg\" data-rel=\"rgg\" rel=\"rgg\" title=\"\" class=\"rgg-disabled size-medium rgg-img\" data-src=\"https:\/\/regeszet.bibl.u-szeged.hu\/wp-content\/uploads\/2017\/11\/DSC0021.jpg\" data-ratio=\"1.5\" data-height=\"200\" data-width=\"300\" aria-label=\"\">\n                            <\/a>\n                    <a href=\"https:\/\/regeszet.bibl.u-szeged.hu\/wp-content\/uploads\/2017\/11\/DSC0045.jpg\" data-rel=\"rgg\" rel=\"rgg\" title=\"\" class=\"rgg-disabled size-medium rgg-img\" data-src=\"https:\/\/regeszet.bibl.u-szeged.hu\/wp-content\/uploads\/2017\/11\/DSC0045.jpg\" data-ratio=\"1.5\" data-height=\"200\" data-width=\"300\" aria-label=\"\">\n                            <\/a>\n                    <a href=\"https:\/\/regeszet.bibl.u-szeged.hu\/wp-content\/uploads\/2017\/11\/DSC0047.jpg\" data-rel=\"rgg\" rel=\"rgg\" title=\"\" class=\"rgg-disabled size-medium rgg-img\" data-src=\"https:\/\/regeszet.bibl.u-szeged.hu\/wp-content\/uploads\/2017\/11\/DSC0047.jpg\" data-ratio=\"1.5\" data-height=\"200\" data-width=\"300\" aria-label=\"\">\n                            <\/a>\n                    <a href=\"https:\/\/regeszet.bibl.u-szeged.hu\/wp-content\/uploads\/2017\/11\/DSC0051.jpg\" data-rel=\"rgg\" rel=\"rgg\" title=\"\" class=\"rgg-disabled size-medium rgg-img\" data-src=\"https:\/\/regeszet.bibl.u-szeged.hu\/wp-content\/uploads\/2017\/11\/DSC0051.jpg\" data-ratio=\"1.5\" data-height=\"200\" data-width=\"300\" aria-label=\"\">\n                            <\/a>\n                    <a href=\"https:\/\/regeszet.bibl.u-szeged.hu\/wp-content\/uploads\/2017\/11\/DSC0052.jpg\" data-rel=\"rgg\" rel=\"rgg\" title=\"\" class=\"rgg-disabled size-medium rgg-img\" data-src=\"https:\/\/regeszet.bibl.u-szeged.hu\/wp-content\/uploads\/2017\/11\/DSC0052.jpg\" data-ratio=\"1.5\" data-height=\"200\" data-width=\"300\" aria-label=\"\">\n                            <\/a>\n                    <a href=\"https:\/\/regeszet.bibl.u-szeged.hu\/wp-content\/uploads\/2017\/11\/1.vitrin.jpg\" data-rel=\"rgg\" rel=\"rgg\" title=\"\" class=\"rgg-disabled size-medium rgg-img\" data-src=\"https:\/\/regeszet.bibl.u-szeged.hu\/wp-content\/uploads\/2017\/11\/1.vitrin.jpg\" data-ratio=\"1.5\" data-height=\"200\" data-width=\"300\" aria-label=\"\">\n                            <\/a>\n                    <a href=\"https:\/\/regeszet.bibl.u-szeged.hu\/wp-content\/uploads\/2017\/11\/2.vitrin.jpg\" data-rel=\"rgg\" rel=\"rgg\" title=\"\" class=\"rgg-disabled size-medium rgg-img\" data-src=\"https:\/\/regeszet.bibl.u-szeged.hu\/wp-content\/uploads\/2017\/11\/2.vitrin.jpg\" data-ratio=\"1.5\" data-height=\"200\" data-width=\"300\" aria-label=\"\">\n                            <\/a>\n                    <a href=\"https:\/\/regeszet.bibl.u-szeged.hu\/wp-content\/uploads\/2017\/11\/3.vitrin.jpg\" data-rel=\"rgg\" rel=\"rgg\" title=\"\" class=\"rgg-disabled size-medium rgg-img\" data-src=\"https:\/\/regeszet.bibl.u-szeged.hu\/wp-content\/uploads\/2017\/11\/3.vitrin.jpg\" data-ratio=\"1.5\" data-height=\"200\" data-width=\"300\" aria-label=\"\">\n                            <\/a>\n                    <a href=\"https:\/\/regeszet.bibl.u-szeged.hu\/wp-content\/uploads\/2017\/11\/4.vitrin.jpg\" data-rel=\"rgg\" rel=\"rgg\" title=\"\" class=\"rgg-disabled size-medium rgg-img\" data-src=\"https:\/\/regeszet.bibl.u-szeged.hu\/wp-content\/uploads\/2017\/11\/4.vitrin.jpg\" data-ratio=\"1.5\" data-height=\"200\" data-width=\"300\" aria-label=\"\">\n                            <\/a>\n                    <a href=\"https:\/\/regeszet.bibl.u-szeged.hu\/wp-content\/uploads\/2017\/11\/5.vitrin.jpg\" data-rel=\"rgg\" rel=\"rgg\" title=\"\" class=\"rgg-disabled size-medium rgg-img\" data-src=\"https:\/\/regeszet.bibl.u-szeged.hu\/wp-content\/uploads\/2017\/11\/5.vitrin.jpg\" data-ratio=\"1.5\" data-height=\"200\" data-width=\"300\" aria-label=\"\">\n                            <\/a>\n                    <a href=\"https:\/\/regeszet.bibl.u-szeged.hu\/wp-content\/uploads\/2017\/11\/6.vitrin.jpg\" data-rel=\"rgg\" rel=\"rgg\" title=\"\" class=\"rgg-disabled size-medium rgg-img\" data-src=\"https:\/\/regeszet.bibl.u-szeged.hu\/wp-content\/uploads\/2017\/11\/6.vitrin.jpg\" data-ratio=\"1.5\" data-height=\"200\" data-width=\"300\" aria-label=\"\">\n                            <\/a>\n            <\/div>\n<\/div>\n","protected":false},"excerpt":{"rendered":"<p>Elsodort int\u00e9zetek. A kolozsv\u00e1ri \u00e9s a szegedi R\u00e9g\u00e9szeti Int\u00e9zet els\u0151 \u00f6tven \u00e9ve (1899-1949) Tansz\u00e9k\u00fcnk a kolozsv\u00e1ri \u00e9s a szegedi R\u00e9g\u00e9szeti Int\u00e9zet t\u00f6rt\u00e9net\u00e9t bemutat\u00f3 ki\u00e1ll\u00edt\u00e1st szervezett t\u00f6bb int\u00e9zettel egy\u00fcttm\u0171k\u00f6dve (k\u00f6zt\u00fck az SZTE Klebelsberg K\u00f6nyvt\u00e1r Egyetemi Gy\u0171jtem\u00e9ny, SZTE Egyetemi Lev\u00e9lt\u00e1ra). Az\u00a0SZTE J\u00f3zsef Attila Tanulm\u00e1nyi \u00e9s Inform\u00e1ci\u00f3s K\u00f6zpont \u00e1trium\u00e1ban ny\u00edlt t\u00e1rlat c\u00e9lja, hogy p\u00e1rhuzamba \u00e1ll\u00edtsa a P\u00f3sta B\u00e9la &hellip; <a href=\"https:\/\/regeszet.bibl.u-szeged.hu\/index.php\/tanszeki-gyujtemeny\/kiallitasaink\/elsodort-intezetek\/\" class=\"more-link\"><span class=\"screen-reader-text\">Elsodort int\u00e9zetek<\/span> b\u0151vebben&#8230; <span class=\"meta-nav\">&rarr;<\/span><\/a><\/p>\n","protected":false},"author":1,"featured_media":0,"parent":269,"menu_order":2,"comment_status":"closed","ping_status":"closed","template":"","meta":{"footnotes":""},"class_list":["post-546","page","type-page","status-publish","hentry"],"_links":{"self":[{"href":"https:\/\/regeszet.bibl.u-szeged.hu\/index.php\/wp-json\/wp\/v2\/pages\/546","targetHints":{"allow":["GET"]}}],"collection":[{"href":"https:\/\/regeszet.bibl.u-szeged.hu\/index.php\/wp-json\/wp\/v2\/pages"}],"about":[{"href":"https:\/\/regeszet.bibl.u-szeged.hu\/index.php\/wp-json\/wp\/v2\/types\/page"}],"author":[{"embeddable":true,"href":"https:\/\/regeszet.bibl.u-szeged.hu\/index.php\/wp-json\/wp\/v2\/users\/1"}],"replies":[{"embeddable":true,"href":"https:\/\/regeszet.bibl.u-szeged.hu\/index.php\/wp-json\/wp\/v2\/comments?post=546"}],"version-history":[{"count":15,"href":"https:\/\/regeszet.bibl.u-szeged.hu\/index.php\/wp-json\/wp\/v2\/pages\/546\/revisions"}],"predecessor-version":[{"id":1841,"href":"https:\/\/regeszet.bibl.u-szeged.hu\/index.php\/wp-json\/wp\/v2\/pages\/546\/revisions\/1841"}],"up":[{"embeddable":true,"href":"https:\/\/regeszet.bibl.u-szeged.hu\/index.php\/wp-json\/wp\/v2\/pages\/269"}],"wp:attachment":[{"href":"https:\/\/regeszet.bibl.u-szeged.hu\/index.php\/wp-json\/wp\/v2\/media?parent=546"}],"curies":[{"name":"wp","href":"https:\/\/api.w.org\/{rel}","templated":true}]}}